{"id":798,"date":"2012-03-14T18:17:37","date_gmt":"2012-03-14T18:17:37","guid":{"rendered":"https:\/\/paulocolmain.com\/?page_id=798"},"modified":"2019-12-09T17:00:34","modified_gmt":"2019-12-09T17:00:34","slug":"filiocht-as-gaeilge","status":"publish","type":"page","link":"https:\/\/paulocolmain.com\/?page_id=798","title":{"rendered":"Fil\u00edocht as Gaeilge"},"content":{"rendered":"<p>Seo, a leanas, sampla\u00ed de mo chuid fil\u00edochta. T\u00e1 s\u00fail agam go mbainfear taitneamh astu.<br \/>\n<strong>For translations, click the title.<\/strong><\/p>\n<p class=\"p1\" style=\"text-align: left;\"><span class=\"s1\"><b><a href=\"https:\/\/paulocolmain.com\/?page_id=3694\">Buille na bachaille<\/a>\u00a0 <\/b><\/span><span class=\"s1\">(Comhar &#8211; Aibre\u00e1n 2019)<\/span><\/p>\n<p class=\"p1\">&#8220;\u00c1r Nathair at\u00e1 ar Neamh,&#8221;<br \/>\na ghu\u00ednn go soineanta<br \/>\ngach maidin ar scoil.<\/p>\n<p class=\"p1\">N\u00ed raibh m\u00f3r\u00e1n meas agam<br \/>\nar Naomh P\u00e1draig.<br \/>\nBh\u00edos s\u00e1sta leis an l\u00e1 saor \u00f3n scoil, ar nd\u00f3igh,<br \/>\nagus rud is fearr n\u00e1 sin ar\u00eds,<br \/>\nbhaineas an-taitneamh as na milse\u00e1in<br \/>\na bh\u00ed cead againn ithe ar an L\u00e1 sin,<br \/>\ndiospainse\u00e1id \u00f3 throscadh an charghais.<\/p>\n<p class=\"p1\">Ach, chomh maith le sin,<br \/>\ntaobh amuigh de m&#8217;Eiriceacht Dh\u00fachasach,<br \/>\nneamhbhearthaithe,<br \/>\nchreideas go raibh na sc\u00e9alta<br \/>\nroimh theacht Ph\u00e1draig<br \/>\nn\u00edos fearr n\u00e1 iadsan ina dhiaidh.<\/p>\n<p class=\"p1\">Agus rud eile,<br \/>\nbh\u00ed na sagairt chomh cinnte sin,<br \/>\ni gc\u00f3na\u00ed,<br \/>\n<em>deimhneach,<\/em><br \/>\n&#8211; rud b&#8217;ait domsa,<br \/>\nmar aon uair a d&#8217;fh\u00e9achas<br \/>\nar bhachal an easpaig,<br \/>\nn\u00ed fheicinn ach<br \/>\ncomhartha ceiste.<\/p>\n<p>************************************<\/p>\n<p><a title=\"Amhr\u00e1n an Earraigh\" href=\"https:\/\/paulocolmain.com\/?page_id=2200\"><strong>Amhr\u00e1n an Earraigh<\/strong><\/a><br \/>\n(renku)<\/p>\n<p>Pias\u00fan ag tafann:<br \/>\nseana-dh\u00faisire meirgeach.<br \/>\nBl\u00e1thanna &#8216;g bu\u00edochan.<\/p>\n<p>Ceol leachtach ar\u00eds.<br \/>\nLondubh dubh ar chraobh lom, dhubh,<br \/>\n\u00f3rchantain \u00f3rghoib.<\/p>\n<p>Cothaitheoir tr\u00e9igthe.<br \/>\n\u00cdde b\u00e9il \u00e9an i bhfolach.<br \/>\nCat m\u00edn laist\u00edos.<\/p>\n<p>Ollch\u00f3r an ghaird\u00edn<br \/>\ni gcom\u00f3rtas binncheolmhar.<br \/>\nBaird dhothuirsithe.<\/p>\n<p>(An Ghaoth Aneas: Forl\u00edonadh Gaeilge<br \/>\nSouthword 27 January 2015)<\/p>\n<p>**********************************<\/p>\n<p><strong><a title=\"L\u00e1 Fh\u00e9ile Bhr\u00edde (poem)\" href=\"https:\/\/paulocolmain.com\/?page_id=918\">L\u00e1 Fh\u00e9ile Bhr\u00edde\u00a0<\/a>\u00a0\u00a0\u00a0<\/strong>\u00a0\u00a0\u00a0\u00a0\u00a0\u00a0 \u00a0\u00a0 (buaiteoir <em>Poet\u2019s Podium<\/em> <em>1995<\/em>, Samhla\u00edocht Chiarra\u00ed)<\/p>\n<p>Dh\u00faisigh an ghrian sinn<br \/>\nan maidin \u00fad:<br \/>\nSolas \u00f3rga<br \/>\nag stealladh<br \/>\n\u2018is ag scairdeach<br \/>\nisteach ar an url\u00e1r,<br \/>\nag slaparnach<br \/>\nthuas na falla\u00ed,<br \/>\nag sruthla\u00edonn<br \/>\nan doras s\u00edoroscailte isteach.<\/p>\n<p>N\u00edor thuigeamar<br \/>\nar dt\u00fas cad a bh\u00ed ag titim amach.<br \/>\nN\u00edor aithn\u00edomar<br \/>\ntorann bu\u00ed na gr\u00e9ine.<br \/>\nAch chuimhn\u00edos<br \/>\ngo tobann ar na bhfocail a d\u00fara\u00eds<br \/>\nmar dhraoi:<\/p>\n<p>\u201cTiocfaidh an Ghrian thar nais ar L\u00e1 Fh\u00e9ile Bhr\u00edde.\u201d<\/p>\n<p>Agus d\u2019\u00e1rdaigh d\u00f3chas<br \/>\n\u00e1rsa pag\u00e1nach im\u2019chro\u00ed.<br \/>\nIn\u00e1r su\u00ed sa leaba,<br \/>\nBrigid n\u00f3 Dan\u00fa,<br \/>\nBh\u00ed an Geimhreadh gruama thart,<br \/>\nAn l\u00e1mh in uachtar ag an t\u00c9arrach.<\/p>\n<p>\u201cTiocfaidh an Ghrian thar nais ar L\u00e1 \u2018le Bhr\u00edde.\u201d<\/p>\n<p>**********<\/p>\n<p><strong><a title=\"S\u00ed (poem)\" href=\"https:\/\/paulocolmain.com\/?page_id=922\">S\u00ed<\/a><\/strong><\/p>\n<p>Th\u00e1nas de thaisme ar r\u00e1th s\u00ed<br \/>\nar chnoc\u00e1n geimhreata<br \/>\nagus an ghaoth ag cr\u00f3n\u00e1n<br \/>\nfuaimeanna farraige<br \/>\ni gcrann cuilinn<br \/>\nagus cruth p\u00e9ac\u00f3ige air.<\/p>\n<p>D&#8217;athraigh s\u00e9<br \/>\n\u00f3 fh\u00e1l driseach<br \/>\ngo babhla uaine is \u00f3ir,<br \/>\ncuach r\u00fandiamhra is cogarna\u00ed,<br \/>\nbreog\u00e1n \u00e1rsa is ioml\u00e1n<br \/>\nin aon ch\u00e9im amh\u00e1in<br \/>\nthar tairseach ghrianchloiche<br \/>\nghl\u00e9igeal, niamhrach.<\/p>\n<p>Bh\u00ed s\u00e9 f\u00f3s fi\u00e1in laistigh,<br \/>\nfrains\u00ed meirgeacha ag luascadh ar mire:<br \/>\nmaidhm Mheicsiceach ag croitheadh gan sos, gan faoiseamh;<br \/>\np\u00e1na sioctha na sp\u00e9ire breac le pr\u00e9ach\u00e1in;<br \/>\npoill dh\u00fadhonna na gcoinn\u00edn\u00ed \u00e1 bhogadh leis an raithneach shionnach-rua.<\/p>\n<p>Istigh,<br \/>\nghabhas timpeall an leasa tr\u00ed huaire,<br \/>\ndeiseal,<br \/>\nagus n\u00edor tharla faic.<br \/>\nN\u00f3, b&#8217;fh\u00e9idir<br \/>\ngur th\u00e1inig m\u00e9 amach as<br \/>\ni saol s\u00edor-athraithe<br \/>\nag mo ghn\u00edomhartha<br \/>\ntuisleacha, mearg\u00e1nta.<\/p>\n<p>Foilsithe in <a href=\"https:\/\/www.poetryireland.ie\/publications\/a-bowl-of-mysteries-poetry-ireland-introductions-2017\">A Bowl of Mysteries: Poetry Ireland Introductions Selected Poems 2017.<\/a>\u00a0Different versions of \u2018S\u00ed\u2019 (\u2018Fairy Fort\u2019) were published by USA e-journals <em><a href=\"http:\/\/www.pirenesfountain.com\/poetry\/ocolmain.html\">Pirene\u2019s Fountain<\/a>\u00a0<\/em>(Summer 2012), and <em>Setu: A Bilingual Journal of Literature, Arts &amp; Culture<\/em> (May 2017). It was substantially rewritten following the workshop with Nuala N\u00ed Dhomhnaill in Poetry Ireland in 2017.<\/p>\n<p>*************************************************<\/p>\n<p><strong><a title=\"Haiku na n-\u00e9an (poem)\" href=\"https:\/\/paulocolmain.com\/?page_id=916\">Haiku na n-Ean\u00a0<\/a>\u00a0\u00a0<\/strong>\u00a0\u00a0\u00a0\u00a0\u00a0\u00a0\u00a0\u00a0\u00a0\u00a0\u00a0 (foilsithe i <em>Southword<\/em>, 2000)<\/p>\n<p>i.<br \/>\nCeol i ngach aon \u00e1it.<br \/>\nDruideanna ar l\u00edne<br \/>\nmar n\u00f3ta\u00ed ar chliath.<\/p>\n<p>ii.<br \/>\nSnag breac aonarach:<br \/>\nOne for sorrow.<br \/>\nT\u00e1 gach aon rud dubh agus b\u00e1n.<\/p>\n<p>iii.<br \/>\nIsto\u00edche,<br \/>\nbail\u00edonn gruama<br \/>\nlena dubhthr\u00e9ada ag filleadh.<\/p>\n<p>**********<\/p>\n<p><strong><a title=\"Talamh aineoil (poem)\" href=\"https:\/\/paulocolmain.com\/?page_id=928\">Talamh Aineoil\u00a0<\/a>\u00a0\u00a0\u00a0\u00a0\u00a0<\/strong>\u00a0\u00a0\u00a0\u00a0\u00a0\u00a0\u00a0\u00a0\u00a0\u00a0\u00a0\u00a0\u00a0\u00a0\u00a0 (foilsithe i <em>Southword<\/em> Vol.2 No.3 Summer 2000)<\/p>\n<p>Siar cois chladaigh,<br \/>\nclocha ildhaite,<br \/>\nl\u00ednte chasta fheamainne caite<br \/>\nar imeall ard-taoide: talamh aineoil.<\/p>\n<p>Feoth\u00e1n g\u00e9ar<br \/>\nag f\u00e9ada\u00edl ceol<br \/>\nar seams\u00far na luachair<br \/>\nthall sa riasc.<\/p>\n<p>Scr\u00e9ach \u00e9ad\u00f3chasach<br \/>\nna coirre eisc<br \/>\n&#8211; an fhuaim is uaign\u00ed sa Domhan,<br \/>\nag d\u00e9anamh macalla i mo cheann.<\/p>\n<p>**********<\/p>\n<p><strong><a title=\"Solas (poem)\" href=\"https:\/\/paulocolmain.com\/?page_id=926\">Solas<\/a>\u00a0\u00a0\u00a0\u00a0\u00a0\u00a0\u00a0\u00a0<\/strong>\u00a0\u00a0\u00a0\u00a0\u00a0\u00a0\u00a0\u00a0\u00a0\u00a0\u00a0\u00a0\u00a0\u00a0 (foilsithe i <em>Southword<\/em> Vol.2 No.3 Summer 2000)<\/p>\n<p>Is i l\u00e1r na ho\u00edche<br \/>\na l\u00fabarn\u00e1ileann<br \/>\np\u00e9ist an fh\u00f3-chomhfhios<br \/>\ngo dt\u00ed an ndromchl\u00e1.<\/p>\n<p>Is i l\u00e1r na ho\u00edche<br \/>\nnuair a bh\u00edonn t\u00fa<br \/>\nag casadh \u2018is ag \u00fanfairt<br \/>\nsna br\u00e1ill\u00edn\u00ed sn\u00e1ithe<br \/>\na str\u00e1ice\u00e1ileann<br \/>\nf\u00e9ileach\u00e1n na f\u00edrinne<br \/>\namach as a chroisealas f\u00e1iscthe.<\/p>\n<p>Is i l\u00e1r na ho\u00edche<br \/>\na lonra\u00edonn solas<br \/>\nfh\u00e9ineolas is gile<br \/>\ntr\u00ed dhorchadas an mhearbhaill.<\/p>\n<p>**********<\/p>\n","protected":false},"excerpt":{"rendered":"<p>Seo, a leanas, sampla\u00ed de mo chuid fil\u00edochta. T\u00e1 s\u00fail agam go mbainfear taitneamh astu. For translations, click the title. Buille na bachaille\u00a0 (Comhar &#8211; Aibre\u00e1n 2019) &#8220;\u00c1r Nathair at\u00e1 ar Neamh,&#8221; a ghu\u00ednn go soineanta gach maidin ar scoil. &hellip; <a href=\"https:\/\/paulocolmain.com\/?page_id=798\">Continue reading <span class=\"meta-nav\">&rarr;<\/span><\/a><\/p>\n","protected":false},"author":1,"featured_media":0,"parent":241,"menu_order":1,"comment_status":"closed","ping_status":"open","template":"","meta":{"ngg_post_thumbnail":0,"spay_email":""},"jetpack_shortlink":"https:\/\/wp.me\/P36zMW-cS","jetpack_sharing_enabled":true,"_links":{"self":[{"href":"https:\/\/paulocolmain.com\/index.php?rest_route=\/wp\/v2\/pages\/798"}],"collection":[{"href":"https:\/\/paulocolmain.com\/index.php?rest_route=\/wp\/v2\/pages"}],"about":[{"href":"https:\/\/paulocolmain.com\/index.php?rest_route=\/wp\/v2\/types\/page"}],"author":[{"embeddable":true,"href":"https:\/\/paulocolmain.com\/index.php?rest_route=\/wp\/v2\/users\/1"}],"replies":[{"embeddable":true,"href":"https:\/\/paulocolmain.com\/index.php?rest_route=%2Fwp%2Fv2%2Fcomments&post=798"}],"version-history":[{"count":25,"href":"https:\/\/paulocolmain.com\/index.php?rest_route=\/wp\/v2\/pages\/798\/revisions"}],"predecessor-version":[{"id":3697,"href":"https:\/\/paulocolmain.com\/index.php?rest_route=\/wp\/v2\/pages\/798\/revisions\/3697"}],"up":[{"embeddable":true,"href":"https:\/\/paulocolmain.com\/index.php?rest_route=\/wp\/v2\/pages\/241"}],"wp:attachment":[{"href":"https:\/\/paulocolmain.com\/index.php?rest_route=%2Fwp%2Fv2%2Fmedia&parent=798"}],"curies":[{"name":"wp","href":"https:\/\/api.w.org\/{rel}","templated":true}]}}