{"id":600,"date":"2012-03-03T18:20:35","date_gmt":"2012-03-03T18:20:35","guid":{"rendered":"https:\/\/paulocolmain.com\/?page_id=600"},"modified":"2012-03-28T21:39:35","modified_gmt":"2012-03-28T21:39:35","slug":"diompaigh-me","status":"publish","type":"page","link":"https:\/\/paulocolmain.com\/?page_id=600","title":{"rendered":"D&#8217;iompaigh m\u00e9"},"content":{"rendered":"<p><strong>D\u2019iompaigh m\u00e9\u00a0\u00a0\u00a0\u00a0\u00a0\u00a0\u00a0\u00a0\u00a0\u00a0\u00a0\u00a0\u00a0\u00a0 <a href=\"https:\/\/paulocolmain.com\/?page_id=914\" title=\"D\u2019iompaigh m\u00e9\">(Translation)<\/a><br \/>\n<\/strong><\/p>\n<p>Amuigh ag si\u00fal le mo smaointe inn\u00e9,<br \/>\nChonac do thigh ach d\u2019iompaigh m\u00e9.<br \/>\nTheip orm,<br \/>\ntheip ar mo chro\u00ed,<br \/>\ntheip ar mo mhisneach<br \/>\n\u2018is d\u2019iompaigh m\u00e9.<\/p>\n<p>Istigh \u2018mo cheann, imithe ar strae,<br \/>\nt\u00e1 an tsl\u00ed soil\u00e9ir ach d\u2019iompaigh m\u00e9.<br \/>\nCoime\u00e1daim d\u2019aghaidh os mo chomhair amach,<br \/>\nt\u00e1 an fh\u00edrinne inti, ag glioscarnach,<br \/>\nach d\u2019iompaigh m\u00e9. D\u2019iompaigh m\u00e9.<\/p>\n<p>I rith mo shaol, bonn ar aon,<br \/>\nbriseann an n\u00e1d\u00far: an seansc\u00e9al.<br \/>\nCh\u00edm t\u00fa. Cloisim t\u00fa. Breathna\u00edm t\u00fa.<br \/>\nTuigim t\u00fa. Aithn\u00edm t\u00fa.<\/p>\n<p>Dura\u00eds liom uair, nar thagann chiall roimh aois,<br \/>\nmuna mbeirtear ar an bhfaill, n\u00ed thiocfar ar\u00eds \u00e9.<br \/>\nAch \u2018s\u00e9 mo thuairimse,<br \/>\nde r\u00e9ir mo chuid taith\u00ed,<br \/>\nmaidir leis an chiall, n\u00ed thiocfaidh s\u00ed cho\u00edche.<\/p>\n<p>D\u2019iompaigh m\u00e9, d\u2019iompa\u00ednn i gc\u00f3na\u00ed,<br \/>\nd\u2019iomp\u00f3inn ar\u00eds agus iomp\u00f3idh go deo m\u00e9\u2026<\/p>\n","protected":false},"excerpt":{"rendered":"<p>D\u2019iompaigh m\u00e9\u00a0\u00a0\u00a0\u00a0\u00a0\u00a0\u00a0\u00a0\u00a0\u00a0\u00a0\u00a0\u00a0\u00a0 (Translation) Amuigh ag si\u00fal le mo smaointe inn\u00e9, Chonac do thigh ach d\u2019iompaigh m\u00e9. Theip orm, theip ar mo chro\u00ed, theip ar mo mhisneach \u2018is d\u2019iompaigh m\u00e9. Istigh \u2018mo cheann, imithe ar strae, t\u00e1 an tsl\u00ed soil\u00e9ir ach &hellip; <a href=\"https:\/\/paulocolmain.com\/?page_id=600\">Continue reading <span class=\"meta-nav\">&rarr;<\/span><\/a><\/p>\n","protected":false},"author":1,"featured_media":0,"parent":558,"menu_order":5,"comment_status":"closed","ping_status":"open","template":"","meta":{"ngg_post_thumbnail":0,"spay_email":""},"jetpack_shortlink":"https:\/\/wp.me\/P36zMW-9G","jetpack_sharing_enabled":true,"_links":{"self":[{"href":"https:\/\/paulocolmain.com\/index.php?rest_route=\/wp\/v2\/pages\/600"}],"collection":[{"href":"https:\/\/paulocolmain.com\/index.php?rest_route=\/wp\/v2\/pages"}],"about":[{"href":"https:\/\/paulocolmain.com\/index.php?rest_route=\/wp\/v2\/types\/page"}],"author":[{"embeddable":true,"href":"https:\/\/paulocolmain.com\/index.php?rest_route=\/wp\/v2\/users\/1"}],"replies":[{"embeddable":true,"href":"https:\/\/paulocolmain.com\/index.php?rest_route=%2Fwp%2Fv2%2Fcomments&post=600"}],"version-history":[{"count":2,"href":"https:\/\/paulocolmain.com\/index.php?rest_route=\/wp\/v2\/pages\/600\/revisions"}],"predecessor-version":[{"id":940,"href":"https:\/\/paulocolmain.com\/index.php?rest_route=\/wp\/v2\/pages\/600\/revisions\/940"}],"up":[{"embeddable":true,"href":"https:\/\/paulocolmain.com\/index.php?rest_route=\/wp\/v2\/pages\/558"}],"wp:attachment":[{"href":"https:\/\/paulocolmain.com\/index.php?rest_route=%2Fwp%2Fv2%2Fmedia&parent=600"}],"curies":[{"name":"wp","href":"https:\/\/api.w.org\/{rel}","templated":true}]}}