{"id":594,"date":"2012-03-03T18:16:44","date_gmt":"2012-03-03T18:16:44","guid":{"rendered":"https:\/\/paulocolmain.com\/?page_id=594"},"modified":"2012-03-28T21:48:19","modified_gmt":"2012-03-28T21:48:19","slug":"ciorcail","status":"publish","type":"page","link":"https:\/\/paulocolmain.com\/?page_id=594","title":{"rendered":"Ciorcail"},"content":{"rendered":"<p><strong>Ciorcail\u00a0\u00a0\u00a0\u00a0\u00a0\u00a0\u00a0\u00a0\u00a0\u00a0\u00a0\u00a0\u00a0\u00a0\u00a0\u00a0\u00a0\u00a0\u00a0\u00a0\u00a0\u00a0\u00a0\u00a0\u00a0\u00a0\u00a0\u00a0\u00a0\u00a0\u00a0\u00a0\u00a0\u00a0\u00a0\u00a0\u00a0<a href=\"https:\/\/paulocolmain.com\/?page_id=912\" title=\"Ciorcail\"> (Translation)<\/a><br \/>\n<\/strong><\/p>\n<p>T\u00e1 boladh binn na m\u00f3na<br \/>\n\u2018s ceol cr\u00edonna na r\u00f3nta<br \/>\nag caisirn\u00ednigh tr\u00edd an aer.<br \/>\nT\u00e1 c\u00f3r na r\u00e9alta\u00ed ag canadh<br \/>\n\u2018s corr-n\u00e9al f\u00e1nach<br \/>\nag damhsa go mall-leasc thar an sp\u00e9ir.<\/p>\n<p>Cuireann s\u00faid i gcuimhne dom<br \/>\ngo bhfuil an t-am ag sn\u00ed uaim<br \/>\ngan r\u00e9iteach dom\u2019cheisteanna go l\u00e9ir.<br \/>\nRitheann timpeall m\u2019intinn iad<br \/>\n\u2018is suaitheann m\u2019inchinn iad:<br \/>\nn\u00ed ch\u00edm aon shl\u00ed shoil\u00e9ir.<\/p>\n<p>Ba mhian liom mo smaointe<br \/>\na bheith cruinn \u2018is cinnte<br \/>\n&#8211; n\u00ed d\u00f3igh liom gur m\u00f3r \u00ed an ghu\u00ed,<br \/>\n\u2018is tos\u00fa shaoil nua<br \/>\ngan bhr\u00fa n\u00e9il a\u2019dua<br \/>\n-in \u00e9ad\u00f3chas a dh\u00e9anaim m\u2019imp\u00ed.<\/p>\n<p>Go deo \u2018is cho\u00edche<br \/>\ntagann ceol na ho\u00edche<br \/>\nmar bhalsam ar m\u2019anamsa tinn,<br \/>\nTumaim istigh san fhuaim<br \/>\n\u2018is tagann faoiseamh chugam<br \/>\nat\u00e1 suaimhneach, geal \u2018is binn.<\/p>\n","protected":false},"excerpt":{"rendered":"<p>Ciorcail\u00a0\u00a0\u00a0\u00a0\u00a0\u00a0\u00a0\u00a0\u00a0\u00a0\u00a0\u00a0\u00a0\u00a0\u00a0\u00a0\u00a0\u00a0\u00a0\u00a0\u00a0\u00a0\u00a0\u00a0\u00a0\u00a0\u00a0\u00a0\u00a0\u00a0\u00a0\u00a0\u00a0\u00a0\u00a0\u00a0\u00a0 (Translation) T\u00e1 boladh binn na m\u00f3na \u2018s ceol cr\u00edonna na r\u00f3nta ag caisirn\u00ednigh tr\u00edd an aer. T\u00e1 c\u00f3r na r\u00e9alta\u00ed ag canadh \u2018s corr-n\u00e9al f\u00e1nach ag damhsa go mall-leasc thar an sp\u00e9ir. Cuireann s\u00faid i gcuimhne dom go bhfuil &hellip; <a href=\"https:\/\/paulocolmain.com\/?page_id=594\">Continue reading <span class=\"meta-nav\">&rarr;<\/span><\/a><\/p>\n","protected":false},"author":1,"featured_media":0,"parent":566,"menu_order":7,"comment_status":"closed","ping_status":"open","template":"","meta":{"ngg_post_thumbnail":0,"spay_email":""},"jetpack_shortlink":"https:\/\/wp.me\/P36zMW-9A","jetpack_sharing_enabled":true,"_links":{"self":[{"href":"https:\/\/paulocolmain.com\/index.php?rest_route=\/wp\/v2\/pages\/594"}],"collection":[{"href":"https:\/\/paulocolmain.com\/index.php?rest_route=\/wp\/v2\/pages"}],"about":[{"href":"https:\/\/paulocolmain.com\/index.php?rest_route=\/wp\/v2\/types\/page"}],"author":[{"embeddable":true,"href":"https:\/\/paulocolmain.com\/index.php?rest_route=\/wp\/v2\/users\/1"}],"replies":[{"embeddable":true,"href":"https:\/\/paulocolmain.com\/index.php?rest_route=%2Fwp%2Fv2%2Fcomments&post=594"}],"version-history":[{"count":2,"href":"https:\/\/paulocolmain.com\/index.php?rest_route=\/wp\/v2\/pages\/594\/revisions"}],"predecessor-version":[{"id":945,"href":"https:\/\/paulocolmain.com\/index.php?rest_route=\/wp\/v2\/pages\/594\/revisions\/945"}],"up":[{"embeddable":true,"href":"https:\/\/paulocolmain.com\/index.php?rest_route=\/wp\/v2\/pages\/566"}],"wp:attachment":[{"href":"https:\/\/paulocolmain.com\/index.php?rest_route=%2Fwp%2Fv2%2Fmedia&parent=594"}],"curies":[{"name":"wp","href":"https:\/\/api.w.org\/{rel}","templated":true}]}}