{"id":3873,"date":"2020-04-21T17:16:16","date_gmt":"2020-04-21T17:16:16","guid":{"rendered":"https:\/\/paulocolmain.com\/?page_id=3873"},"modified":"2021-07-01T09:02:54","modified_gmt":"2021-07-01T09:02:54","slug":"agus-suantrai","status":"publish","type":"page","link":"https:\/\/paulocolmain.com\/?page_id=3873","title":{"rendered":"&#8230;agus Suantra\u00ed"},"content":{"rendered":"\r\n<p>Cuid 2 den albam d\u00fabailte <strong>Geantra\u00ed, Goltra\u00ed agus Suantra\u00ed<\/strong>. Part 2 of the double album. Th\u00e1inig cuid 1, <strong><a href=\"https:\/\/paulocolmain.com\/?page_id=1843\">Geantra\u00ed, Goltra\u00ed<\/a><\/strong> amach i 2015.<div id=\"metaslider-id-3883\" style=\"max-width: 800px;\" class=\"ml-slider-3-17-1 metaslider metaslider-flex metaslider-3883 ml-slider nav-hidden\">\n    <div id=\"metaslider_container_3883\">\n        <div id=\"metaslider_3883\">\n            <ul aria-live=\"polite\" class=\"slides\">\n                <li style=\"display: block; width: 100%;\" class=\"slide-3885 ms-image\"><img width=\"467\" height=\"469\" src=\"https:\/\/paulocolmain.com\/wp-content\/uploads\/2020\/04\/Agus-Suantrai\u0301-front-cover-.jpg\" class=\"slider-3883 slide-3885\" alt=\"\" loading=\"lazy\" rel=\"\" title=\"...agus Suantrai\u0301\" srcset=\"https:\/\/paulocolmain.com\/wp-content\/uploads\/2020\/04\/Agus-Suantrai\u0301-front-cover-.jpg 467w, https:\/\/paulocolmain.com\/wp-content\/uploads\/2020\/04\/Agus-Suantrai\u0301-front-cover--150x150.jpg 150w, https:\/\/paulocolmain.com\/wp-content\/uploads\/2020\/04\/Agus-Suantrai\u0301-front-cover--300x300.jpg 300w\" sizes=\"(max-width: 467px) 100vw, 467px\" \/><\/li>\n                <li style=\"display: none; width: 100%;\" class=\"slide-3884 ms-image\"><img width=\"477\" height=\"522\" src=\"https:\/\/paulocolmain.com\/wp-content\/uploads\/2020\/04\/Agus-Suantrai\u0301-back-cover.jpg\" class=\"slider-3883 slide-3884\" alt=\"\" loading=\"lazy\" rel=\"\" title=\"...agus Suantrai\u0301\" srcset=\"https:\/\/paulocolmain.com\/wp-content\/uploads\/2020\/04\/Agus-Suantrai\u0301-back-cover.jpg 477w, https:\/\/paulocolmain.com\/wp-content\/uploads\/2020\/04\/Agus-Suantrai\u0301-back-cover-274x300.jpg 274w\" sizes=\"(max-width: 477px) 100vw, 477px\" \/><\/li>\n            <\/ul>\n        <\/div>\n        \n    <\/div>\n<\/div> T\u00e1 ocht n-amhr\u00e1n ar<strong>&#8230;agus Suantra\u00ed. <\/strong>T\u00e1im an-bhu\u00edoch do Tim Abbott, Liam Kenneally, Dubhaltach \u00d3 Colm\u00e1in &amp; Murchadh \u00d3 Colm\u00e1in as ucht na p\u00e1irte a ghlacadar ann. T\u00e1 na liric\u00ed ar f\u00e1il <a href=\"https:\/\/paulocolmain.com\/?page_id=3894\">anseo<\/a>. The lyrics to the eight songs on the album are available <a href=\"https:\/\/paulocolmain.com\/?page_id=3894\">here. <\/a>A big thank you to Tim Abbott, Liam Kenneally, Dubhaltach \u00d3 Colm\u00e1in and Murchadh \u00d3 Colm\u00e1in for their vital role in this album.<\/p>\r\n<!--[if lt IE 9]><script>document.createElement('audio');<\/script><![endif]-->\n\t<div class=\"wp-playlist wp-audio-playlist wp-playlist-light\">\n\t\t<div class=\"wp-playlist-current-item\"><\/div>\n\t\t<audio controls=\"controls\" preload=\"none\" width=\"\n\t\t\t\t618\t\"\n\t\t><\/audio>\n\t<div class=\"wp-playlist-next\"><\/div>\n\t<div class=\"wp-playlist-prev\"><\/div>\n\t<noscript>\n\t<ol>\n\t<li><a href='https:\/\/paulocolmain.com\/wp-content\/uploads\/2020\/04\/01.-Dhu\u0301isi\u0301os-Are\u0301ir-.mp3'>01. Dhu\u0301isi\u0301os Are\u0301ir<\/a><\/li><li><a href='https:\/\/paulocolmain.com\/wp-content\/uploads\/2020\/04\/02.-Ne\u0301alta-Suain.mp3'>02. Ne\u0301alta Suain<\/a><\/li><li><a href='https:\/\/paulocolmain.com\/wp-content\/uploads\/2020\/04\/03.-Diompaigh-Me\u0301.mp3'>03. D'iompaigh Me\u0301<\/a><\/li><li><a href='https:\/\/paulocolmain.com\/wp-content\/uploads\/2020\/04\/04.-Amhra\u0301n-an-Iascaire.mp3'>04. Amhra\u0301n an Iascaire<\/a><\/li><li><a href='https:\/\/paulocolmain.com\/wp-content\/uploads\/2020\/04\/05.-Oighreata.mp3'>05. Oighreata<\/a><\/li><li><a href='https:\/\/paulocolmain.com\/wp-content\/uploads\/2020\/04\/06.-Ne\u0301alta-suain-fonn.mp3'>06. Ne\u0301alta suain (fonn)<\/a><\/li><li><a href='https:\/\/paulocolmain.com\/wp-content\/uploads\/2020\/04\/07.-Is-Duilleoga-tirime-mo-chuid-smaointe.mp3'>07. Is Duilleoga tirime mo chuid smaointe<\/a><\/li><li><a href='https:\/\/paulocolmain.com\/wp-content\/uploads\/2020\/04\/08.-Suantrai\u0301.mp3'>08. Suantrai\u0301<\/a><\/li>\t<\/ol>\n\t<\/noscript>\n\t<script type=\"application\/json\" class=\"wp-playlist-script\">{\"type\":\"audio\",\"tracklist\":true,\"tracknumbers\":true,\"images\":true,\"artists\":true,\"tracks\":[{\"src\":\"https:\\\/\\\/paulocolmain.com\\\/wp-content\\\/uploads\\\/2020\\\/04\\\/01.-Dhu\\u0301isi\\u0301os-Are\\u0301ir-.mp3\",\"type\":\"audio\\\/mpeg\",\"title\":\"01. Dhu\\u0301isi\\u0301os Are\\u0301ir\",\"caption\":\"\",\"description\":\"\\\"01. Dhu\\u0301isi\\u0301os Are\\u0301ir \\\". Track 1\\\/8\",\"meta\":{\"artist\":\"Paul \\u00d3 Colm\\u00e1in\",\"album\":\"...agus Suantra\\u00ed (2020)\",\"length_formatted\":\"5:27\"},\"image\":{\"src\":\"https:\\\/\\\/paulocolmain.com\\\/wp-includes\\\/images\\\/media\\\/audio.png\",\"width\":48,\"height\":64},\"thumb\":{\"src\":\"https:\\\/\\\/paulocolmain.com\\\/wp-includes\\\/images\\\/media\\\/audio.png\",\"width\":48,\"height\":64}},{\"src\":\"https:\\\/\\\/paulocolmain.com\\\/wp-content\\\/uploads\\\/2020\\\/04\\\/02.-Ne\\u0301alta-Suain.mp3\",\"type\":\"audio\\\/mpeg\",\"title\":\"02. Ne\\u0301alta Suain\",\"caption\":\"\",\"description\":\"\\\"02. Ne\\u0301alta Suain\\\".  Track 2\\\/8\",\"meta\":{\"artist\":\"Paul \\u00d3 Colm\\u00e1in\",\"album\":\"...agus Suantra\\u00ed (2020)\",\"length_formatted\":\"4:14\"},\"image\":{\"src\":\"https:\\\/\\\/paulocolmain.com\\\/wp-includes\\\/images\\\/media\\\/audio.png\",\"width\":48,\"height\":64},\"thumb\":{\"src\":\"https:\\\/\\\/paulocolmain.com\\\/wp-includes\\\/images\\\/media\\\/audio.png\",\"width\":48,\"height\":64}},{\"src\":\"https:\\\/\\\/paulocolmain.com\\\/wp-content\\\/uploads\\\/2020\\\/04\\\/03.-Diompaigh-Me\\u0301.mp3\",\"type\":\"audio\\\/mpeg\",\"title\":\"03. D'iompaigh Me\\u0301\",\"caption\":\"\",\"description\":\"\\\"03. D'iompaigh Me\\u0301\\\".   Track 3\\\/8\",\"meta\":{\"artist\":\"Paul \\u00d3 Colm\\u00e1in\",\"album\":\"...agus Suantra\\u00ed. (2020)\",\"length_formatted\":\"5:39\"},\"image\":{\"src\":\"https:\\\/\\\/paulocolmain.com\\\/wp-includes\\\/images\\\/media\\\/audio.png\",\"width\":48,\"height\":64},\"thumb\":{\"src\":\"https:\\\/\\\/paulocolmain.com\\\/wp-includes\\\/images\\\/media\\\/audio.png\",\"width\":48,\"height\":64}},{\"src\":\"https:\\\/\\\/paulocolmain.com\\\/wp-content\\\/uploads\\\/2020\\\/04\\\/04.-Amhra\\u0301n-an-Iascaire.mp3\",\"type\":\"audio\\\/mpeg\",\"title\":\"04. Amhra\\u0301n an Iascaire\",\"caption\":\"\",\"description\":\"\\\"04. Amhra\\u0301n an Iascaire\\\".   Track 4\\\/8\",\"meta\":{\"artist\":\"Paul \\u00d3 Colm\\u00e1in\",\"album\":\"...agus Suantra\\u00ed. (2020\",\"length_formatted\":\"4:08\"},\"image\":{\"src\":\"https:\\\/\\\/paulocolmain.com\\\/wp-includes\\\/images\\\/media\\\/audio.png\",\"width\":48,\"height\":64},\"thumb\":{\"src\":\"https:\\\/\\\/paulocolmain.com\\\/wp-includes\\\/images\\\/media\\\/audio.png\",\"width\":48,\"height\":64}},{\"src\":\"https:\\\/\\\/paulocolmain.com\\\/wp-content\\\/uploads\\\/2020\\\/04\\\/05.-Oighreata.mp3\",\"type\":\"audio\\\/mpeg\",\"title\":\"05. Oighreata\",\"caption\":\"\",\"description\":\"\\\"05. Oighreata\\\".   Track 5\\\/8\",\"meta\":{\"artist\":\"Paul \\u00d3 Colm\\u00e1in\",\"album\":\"...agus Suantra\\u00ed. (2020)\",\"length_formatted\":\"5:17\"},\"image\":{\"src\":\"https:\\\/\\\/paulocolmain.com\\\/wp-includes\\\/images\\\/media\\\/audio.png\",\"width\":48,\"height\":64},\"thumb\":{\"src\":\"https:\\\/\\\/paulocolmain.com\\\/wp-includes\\\/images\\\/media\\\/audio.png\",\"width\":48,\"height\":64}},{\"src\":\"https:\\\/\\\/paulocolmain.com\\\/wp-content\\\/uploads\\\/2020\\\/04\\\/06.-Ne\\u0301alta-suain-fonn.mp3\",\"type\":\"audio\\\/mpeg\",\"title\":\"06. Ne\\u0301alta suain (fonn)\",\"caption\":\"\",\"description\":\"\\\"06. Ne\\u0301alta suain (fonn)\\\".   Track 6\\\/8\",\"meta\":{\"artist\":\"Paul \\u00d3 Colm\\u00e1in\",\"album\":\"...agus Suantra\\u00ed. (2020)\",\"length_formatted\":\"3:22\"},\"image\":{\"src\":\"https:\\\/\\\/paulocolmain.com\\\/wp-includes\\\/images\\\/media\\\/audio.png\",\"width\":48,\"height\":64},\"thumb\":{\"src\":\"https:\\\/\\\/paulocolmain.com\\\/wp-includes\\\/images\\\/media\\\/audio.png\",\"width\":48,\"height\":64}},{\"src\":\"https:\\\/\\\/paulocolmain.com\\\/wp-content\\\/uploads\\\/2020\\\/04\\\/07.-Is-Duilleoga-tirime-mo-chuid-smaointe.mp3\",\"type\":\"audio\\\/mpeg\",\"title\":\"07. Is Duilleoga tirime mo chuid smaointe\",\"caption\":\"\",\"description\":\"\\\"07. Is Duilleoga tirime mo chuid smaointe\\\".   Track 7\\\/8\",\"meta\":{\"artist\":\"Paul \\u00d3 Colm\\u00e1in\",\"album\":\"...agus Suantra\\u00ed. (2020)\",\"length_formatted\":\"4:00\"},\"image\":{\"src\":\"https:\\\/\\\/paulocolmain.com\\\/wp-includes\\\/images\\\/media\\\/audio.png\",\"width\":48,\"height\":64},\"thumb\":{\"src\":\"https:\\\/\\\/paulocolmain.com\\\/wp-includes\\\/images\\\/media\\\/audio.png\",\"width\":48,\"height\":64}},{\"src\":\"https:\\\/\\\/paulocolmain.com\\\/wp-content\\\/uploads\\\/2020\\\/04\\\/08.-Suantrai\\u0301.mp3\",\"type\":\"audio\\\/mpeg\",\"title\":\"08. Suantrai\\u0301\",\"caption\":\"\",\"description\":\"\\\"08. Suantrai\\u0301\\\".   Track 8\\\/8\",\"meta\":{\"artist\":\"Paul \\u00d3 Colm\\u00e1in\",\"album\":\"...agus Suantra\\u00ed. (2020)\",\"length_formatted\":\"4:10\"},\"image\":{\"src\":\"https:\\\/\\\/paulocolmain.com\\\/wp-includes\\\/images\\\/media\\\/audio.png\",\"width\":48,\"height\":64},\"thumb\":{\"src\":\"https:\\\/\\\/paulocolmain.com\\\/wp-includes\\\/images\\\/media\\\/audio.png\",\"width\":48,\"height\":64}}]}<\/script>\n<\/div>\n\t\r\n\r\n\r\n\r\n<p><strong>Chun \u00e9 a cheannach (s\u00ednithe!). To purchase the (signed!) album.<\/strong> Br\u00faigh an cnaipe\/Press the button (remember to choose the option for local or Worldwide postage):<\/p>\r\n\r\n\r\n<form action=\"https:\/\/www.paypal.com\/cgi-bin\/webscr\" method=\"post\" target=\"_top\"><input name=\"cmd\" type=\"hidden\" value=\"_s-xclick\"> <input name=\"hosted_button_id\" type=\"hidden\" value=\"8FUF6U96SWZLU\">\r\n<table>\r\n<tbody>\r\n<tr>\r\n<td><input name=\"on0\" type=\"hidden\" value=\"Region\">Region<\/td>\r\n<\/tr>\r\n<tr>\r\n<td><select name=\"os0\">\r\n<option value=\"Purchasing in Ireland\">Purchasing in Ireland \u20ac13.00 EUR<\/option>\r\n<option value=\"Purchasing outside Ireland\">Purchasing outside Ireland \u20ac15.00 EUR<\/option>\r\n<\/select><\/td>\r\n<\/tr>\r\n<\/tbody>\r\n<\/table>\r\n<input name=\"currency_code\" type=\"hidden\" value=\"EUR\"> <input alt=\"PayPal - The safer, easier way to pay online!\" name=\"submit\" src=\"https:\/\/www.paypalobjects.com\/en_US\/i\/btn\/btn_buynowCC_LG.gif\" type=\"image\"> <img loading=\"lazy\" src=\"https:\/\/www.paypalobjects.com\/en_US\/i\/scr\/pixel.gif\" alt=\"\" width=\"1\" height=\"1\" border=\"0\"><\/form>\r\n\r\n\r\n<p>Cloistear iad leis ar <a href=\"https:\/\/artists.spotify.com\/c\/artist\/28ryIqaDNohW3G7JgSyiow\/profile\/overview\">Spotify<\/a> agus <a href=\"https:\/\/soundcloud.com\/paul-o-colmain\">Soundcloud<\/a>. The album can also be heard on <a href=\"https:\/\/artists.spotify.com\/c\/artist\/28ryIqaDNohW3G7JgSyiow\/profile\/overview\">Spotify<\/a> and on <a href=\"https:\/\/soundcloud.com\/paul-o-colmain\">Soundcloud<\/a><\/p>\r\n\r\n\r\n\r\n<ul>\r\n<li><strong>&#8230;agus Suantra\u00ed <\/strong> Flying Rodent records CD\/FRR\/POC\/07 \u00a9 2020 <strong>Paul \u00d3 Colm\u00e1in:<\/strong> vocals, guitar, harmonica <strong>Dubhaltach \u00d3 Colm\u00e1in:<\/strong> bouzouki <strong>Murchadh \u00d3 Colm\u00e1in:<\/strong> vocals <strong>Liam Kenneally:<\/strong> fiddle <strong>Tim Abbott<\/strong>: guitar Gach amhr\u00e1in \/ All songs: Paul \u00d3 Colm\u00e1in Engineered by Tim Abbott. Produced by Paul \u00d3 Colm\u00e1in &amp; Tim Abbott<\/li>\r\n<\/ul>\r\n","protected":false},"excerpt":{"rendered":"<p>Cuid 2 den albam d\u00fabailte Geantra\u00ed, Goltra\u00ed agus Suantra\u00ed. Part 2 of the double album. Th\u00e1inig cuid 1, Geantra\u00ed, Goltra\u00ed amach i 2015. T\u00e1 ocht n-amhr\u00e1n ar&#8230;agus Suantra\u00ed. T\u00e1im an-bhu\u00edoch do Tim Abbott, Liam Kenneally, Dubhaltach \u00d3 Colm\u00e1in &amp; Murchadh &hellip; <a href=\"https:\/\/paulocolmain.com\/?page_id=3873\">Continue reading <span class=\"meta-nav\">&rarr;<\/span><\/a><\/p>\n","protected":false},"author":1,"featured_media":3881,"parent":721,"menu_order":0,"comment_status":"closed","ping_status":"closed","template":"","meta":{"ngg_post_thumbnail":0,"spay_email":""},"jetpack_shortlink":"https:\/\/wp.me\/P36zMW-10t","jetpack_sharing_enabled":true,"_links":{"self":[{"href":"https:\/\/paulocolmain.com\/index.php?rest_route=\/wp\/v2\/pages\/3873"}],"collection":[{"href":"https:\/\/paulocolmain.com\/index.php?rest_route=\/wp\/v2\/pages"}],"about":[{"href":"https:\/\/paulocolmain.com\/index.php?rest_route=\/wp\/v2\/types\/page"}],"author":[{"embeddable":true,"href":"https:\/\/paulocolmain.com\/index.php?rest_route=\/wp\/v2\/users\/1"}],"replies":[{"embeddable":true,"href":"https:\/\/paulocolmain.com\/index.php?rest_route=%2Fwp%2Fv2%2Fcomments&post=3873"}],"version-history":[{"count":21,"href":"https:\/\/paulocolmain.com\/index.php?rest_route=\/wp\/v2\/pages\/3873\/revisions"}],"predecessor-version":[{"id":4728,"href":"https:\/\/paulocolmain.com\/index.php?rest_route=\/wp\/v2\/pages\/3873\/revisions\/4728"}],"up":[{"embeddable":true,"href":"https:\/\/paulocolmain.com\/index.php?rest_route=\/wp\/v2\/pages\/721"}],"wp:featuredmedia":[{"embeddable":true,"href":"https:\/\/paulocolmain.com\/index.php?rest_route=\/wp\/v2\/media\/3881"}],"wp:attachment":[{"href":"https:\/\/paulocolmain.com\/index.php?rest_route=%2Fwp%2Fv2%2Fmedia&parent=3873"}],"curies":[{"name":"wp","href":"https:\/\/api.w.org\/{rel}","templated":true}]}}