{"id":2136,"date":"2015-04-08T12:58:17","date_gmt":"2015-04-08T12:58:17","guid":{"rendered":"https:\/\/paulocolmain.com\/?page_id=2136"},"modified":"2015-04-09T11:18:30","modified_gmt":"2015-04-09T11:18:30","slug":"lig-dom-duiseacht","status":"publish","type":"page","link":"https:\/\/paulocolmain.com\/?page_id=2136","title":{"rendered":"Lig dom d\u00faiseacht"},"content":{"rendered":"<p>D\u00e1 mbeinn i mo dh\u00e1n, \u2018s t\u00fa a chum m\u00e9,\u00a0\u00a0\u00a0\u00a0\u00a0\u00a0\u00a0\u00a0\u00a0\u00a0\u00a0\u00a0\u00a0\u00a0\u00a0\u00a0\u00a0\u00a0\u00a0\u00a0\u00a0\u00a0\u00a0\u00a0\u00a0\u00a0\u00a0\u00a0\u00a0\u00a0\u00a0\u00a0\u00a0\u00a0\u00a0\u00a0\u00a0\u00a0\u00a0\u00a0\u00a0\u00a0\u00a0\u00a0\u00a0\u00a0\u00a0\u00a0\u00a0\u00a0\u00a0 <a title=\"Lig dom d\u00faiseacht\" href=\"https:\/\/paulocolmain.com\/?page_id=2153\">Translation<\/a><br \/>\nD\u00e1 mbeinn i mo mhian, is t\u00fa a \u00edd m\u00e9,<br \/>\nD\u00e1 mbeinn i m\u2019amhr\u00e1n, \u2018s t\u00fa a chan m\u00e9, chomh milis,<br \/>\nD\u00e1 mbeinn i mo ph\u00f3g, \u2018s t\u00fa a sh\u00e9id mise uait.<\/p>\n<p>D\u00e1 mba doras t\u00fa, is mise a phlab t\u00fa amach,<br \/>\nD\u00e1 mba solas t\u00fa, \u2018s\u00e9 mise a lasc as t\u00fa,<br \/>\nD\u00e1 mba taiscead\u00e1n t\u00fa, is mise a chur t\u00fa..\u00f3..faoi ghlas,<br \/>\nD\u00e1 mba an eochair t\u00fa, is mise a chaith tusa uaim.<\/p>\n<p>Cad \u2018na thaobh a ghorta\u00edmid iad san is neasa d\u00fainn?<br \/>\nD\u00fanaimid \u00e1r gcro\u00edthe c\u00e9 narb \u00e9 \u00e1r leasa buan\u2019,<br \/>\nD\u2019ainneoin \u00e1r moth\u00fach\u00e1in ceili\u00farann \u00e1r ndea-sa r\u00fain, ba mheasa d\u00fainn!<\/p>\n<p>D\u00e1 mba droichead sinn, t\u00e1imid d\u00e1r loscadh,<br \/>\nD\u00e1 mba soitheach sinn, t\u00e1imid ag dul go t\u00f3in,<br \/>\nD\u00e1 mba tine sinn, t\u00e1 luaith \u00e1 dh\u00e9anamh d\u00fainne,<br \/>\nD\u00e1 mba leoithne sinn, t\u00e1imid s\u00edobtha, mo bhr\u00f3n.<\/p>\n<p>Cad \u2018na thaobh a ghorta\u00edmid iad san is neasa d\u00fainn?<br \/>\nD\u00fanaimid \u00e1r gcro\u00edthe c\u00e9 narb \u00e9 \u00e1r leasa buan\u2019,<br \/>\nD\u2019ainneoin \u00e1r moth\u00fach\u00e1in ceili\u00farann \u00e1r ndeasa r\u00fain, ba mheasa d\u00fainn!<\/p>\n<p>Muna bhfuil s\u00e9 r\u00f3-mhall, maith dom m\u2019fhiacha.<br \/>\nM\u00e1s \u00e9 taibhreamh \u00e9, lig dom d\u00fa\u00edseacht.<br \/>\nMuna bhfuil s\u00e9 r\u00f3-mhall, maith dom m\u2019fhiacha.<br \/>\nM\u00e1s \u00e9 taibhreamh \u00e9, lig dom d\u00fa\u00edseacht.<br \/>\nLig dom d\u00faiseacht&#8230;.<\/p>\n","protected":false},"excerpt":{"rendered":"<p>D\u00e1 mbeinn i mo dh\u00e1n, \u2018s t\u00fa a chum m\u00e9,\u00a0\u00a0\u00a0\u00a0\u00a0\u00a0\u00a0\u00a0\u00a0\u00a0\u00a0\u00a0\u00a0\u00a0\u00a0\u00a0\u00a0\u00a0\u00a0\u00a0\u00a0\u00a0\u00a0\u00a0\u00a0\u00a0\u00a0\u00a0\u00a0\u00a0\u00a0\u00a0\u00a0\u00a0\u00a0\u00a0\u00a0\u00a0\u00a0\u00a0\u00a0\u00a0\u00a0\u00a0\u00a0\u00a0\u00a0\u00a0\u00a0\u00a0\u00a0 Translation D\u00e1 mbeinn i mo mhian, is t\u00fa a \u00edd m\u00e9, D\u00e1 mbeinn i m\u2019amhr\u00e1n, \u2018s t\u00fa a chan m\u00e9, chomh milis, D\u00e1 mbeinn i mo ph\u00f3g, \u2018s t\u00fa a &hellip; <a href=\"https:\/\/paulocolmain.com\/?page_id=2136\">Continue reading <span class=\"meta-nav\">&rarr;<\/span><\/a><\/p>\n","protected":false},"author":1,"featured_media":0,"parent":2115,"menu_order":7,"comment_status":"closed","ping_status":"open","template":"","meta":{"ngg_post_thumbnail":0,"spay_email":""},"jetpack_shortlink":"https:\/\/wp.me\/P36zMW-ys","jetpack_sharing_enabled":true,"_links":{"self":[{"href":"https:\/\/paulocolmain.com\/index.php?rest_route=\/wp\/v2\/pages\/2136"}],"collection":[{"href":"https:\/\/paulocolmain.com\/index.php?rest_route=\/wp\/v2\/pages"}],"about":[{"href":"https:\/\/paulocolmain.com\/index.php?rest_route=\/wp\/v2\/types\/page"}],"author":[{"embeddable":true,"href":"https:\/\/paulocolmain.com\/index.php?rest_route=\/wp\/v2\/users\/1"}],"replies":[{"embeddable":true,"href":"https:\/\/paulocolmain.com\/index.php?rest_route=%2Fwp%2Fv2%2Fcomments&post=2136"}],"version-history":[{"count":2,"href":"https:\/\/paulocolmain.com\/index.php?rest_route=\/wp\/v2\/pages\/2136\/revisions"}],"predecessor-version":[{"id":2164,"href":"https:\/\/paulocolmain.com\/index.php?rest_route=\/wp\/v2\/pages\/2136\/revisions\/2164"}],"up":[{"embeddable":true,"href":"https:\/\/paulocolmain.com\/index.php?rest_route=\/wp\/v2\/pages\/2115"}],"wp:attachment":[{"href":"https:\/\/paulocolmain.com\/index.php?rest_route=%2Fwp%2Fv2%2Fmedia&parent=2136"}],"curies":[{"name":"wp","href":"https:\/\/api.w.org\/{rel}","templated":true}]}}