{"id":2130,"date":"2015-04-08T12:54:53","date_gmt":"2015-04-08T12:54:53","guid":{"rendered":"https:\/\/paulocolmain.com\/?page_id=2130"},"modified":"2015-04-09T11:15:54","modified_gmt":"2015-04-09T11:15:54","slug":"na-labhrofa-liom","status":"publish","type":"page","link":"https:\/\/paulocolmain.com\/?page_id=2130","title":{"rendered":"N\u00e1 labhr\u00f3f\u00e1 liom?"},"content":{"rendered":"<p>\u00c9ist liom, \u00e9ist liom, a st\u00f3ir\u00edn,\u00a0\u00a0\u00a0\u00a0\u00a0\u00a0\u00a0 \u00a0 \u00a0 \u00a0 \u00a0 \u00a0 \u00a0 \u00a0 \u00a0 \u00a0 \u00a0 \u00a0 \u00a0 \u00a0 \u00a0 \u00a0 \u00a0 \u00a0 \u00a0 <a href=\"https:\/\/paulocolmain.com\/?page_id=2147\" title=\"N\u00e1 labhr\u00f3f\u00e1 liom?\">Translation<\/a><br \/>\n\u00c9ist liom, n\u00e1 labhr\u00f3f\u00e1 liom?<br \/>\nT\u00e9anam ort, t\u00e9anam ort, t\u00e9anam ort, a mhuirn\u00edn,<br \/>\nN\u00e1 shu\u00edfe\u00e1 s\u00edos is labhair liom?<\/p>\n<p>Haigh, a chail\u00edn, bh\u00ednn ag faire ort, a thaisce,<br \/>\n\u00da, t\u00e1\u2019s agamsa go bhfuil rud \u00e9igean cearr,<br \/>\nT\u00e9anam ort, t\u00e9anam ort, cogar faoi liomsa,<br \/>\nAgus r\u00e9iteoimid \u00e9 i dtamaill\u00edn gearr.<\/p>\n<p>\u00f3\u00f3-\u00fa\u00fa-mmm, n\u00e1 labhr\u00f3f\u00e1 liom?<\/p>\n<p>Sin agat \u00e9, c\u00e9 nach bhfuil aithne agat ormsa,<br \/>\n\u00da, \u2018sea \u00e9, aithn\u00edmse t\u00fa,<br \/>\nGeallaimse, geallaim duit n\u00e1r ghort\u00f3inn riamh t\u00fa,<br \/>\nN\u00ed bheinn an duine sin t\u00fa a ghort\u00fa.<\/p>\n<p>Tar i leith, r\u00e9it\u00edmis, a chraobh\u00f3ige,<br \/>\nTar i leith, socr\u00f3imis ar phlean,<br \/>\nTar i leith, cuirimis \u00e1r gcomhairl\u00ed i gceann a ch\u00e9ile,<br \/>\nMar feiceann beirt n\u00edos fearr n\u00e1 duine amh\u00e1in.<\/p>\n<p>\u00f3\u00f3-\u00fa\u00fa-mmm, n\u00e1 labhr\u00f3f\u00e1 liom?<\/p>\n<p>Cogar anois, cogar, lig do r\u00fan liom,<br \/>\nCogar, a st\u00f3ir\u00edn, suaimhnigh do mheon,<br \/>\nCogar, a chail\u00edn, cogar m\u00e9 seo leat,<br \/>\nCogar, a mh\u00fairn\u00edn, is c\u00e1s liom do bhr\u00f3n.<\/p>\n<p>\u00f3\u00f3-\u00fa\u00fa-mmm, n\u00e1 labhr\u00f3f\u00e1 liom?<\/p>\n<p>\u00c9ist liom, \u00e9ist liom, a st\u00f3ir\u00edn,<br \/>\n\u00c9ist liom, n\u00e1 labhr\u00f3f\u00e1 liom?<br \/>\nT\u00e9anam ort, t\u00e9anam ort, t\u00e9anam ort, a mhuirn\u00edn,<br \/>\nN\u00e1 shu\u00edfe\u00e1 s\u00edos is labhair liom?<br \/>\nN\u00e1 shu\u00edfe\u00e1 s\u00edos is labhair liom?<br \/>\nN\u00e1 shu\u00edfe\u00e1 s\u00edos is labhair liom?<\/p>\n","protected":false},"excerpt":{"rendered":"<p>\u00c9ist liom, \u00e9ist liom, a st\u00f3ir\u00edn,\u00a0\u00a0\u00a0\u00a0\u00a0\u00a0\u00a0 \u00a0 \u00a0 \u00a0 \u00a0 \u00a0 \u00a0 \u00a0 \u00a0 \u00a0 \u00a0 \u00a0 \u00a0 \u00a0 \u00a0 \u00a0 \u00a0 \u00a0 \u00a0 Translation \u00c9ist liom, n\u00e1 labhr\u00f3f\u00e1 liom? T\u00e9anam ort, t\u00e9anam ort, t\u00e9anam ort, a mhuirn\u00edn, N\u00e1 shu\u00edfe\u00e1 &hellip; <a href=\"https:\/\/paulocolmain.com\/?page_id=2130\">Continue reading <span class=\"meta-nav\">&rarr;<\/span><\/a><\/p>\n","protected":false},"author":1,"featured_media":0,"parent":2115,"menu_order":4,"comment_status":"closed","ping_status":"open","template":"","meta":{"ngg_post_thumbnail":0,"spay_email":""},"jetpack_shortlink":"https:\/\/wp.me\/P36zMW-ym","jetpack_sharing_enabled":true,"_links":{"self":[{"href":"https:\/\/paulocolmain.com\/index.php?rest_route=\/wp\/v2\/pages\/2130"}],"collection":[{"href":"https:\/\/paulocolmain.com\/index.php?rest_route=\/wp\/v2\/pages"}],"about":[{"href":"https:\/\/paulocolmain.com\/index.php?rest_route=\/wp\/v2\/types\/page"}],"author":[{"embeddable":true,"href":"https:\/\/paulocolmain.com\/index.php?rest_route=\/wp\/v2\/users\/1"}],"replies":[{"embeddable":true,"href":"https:\/\/paulocolmain.com\/index.php?rest_route=%2Fwp%2Fv2%2Fcomments&post=2130"}],"version-history":[{"count":2,"href":"https:\/\/paulocolmain.com\/index.php?rest_route=\/wp\/v2\/pages\/2130\/revisions"}],"predecessor-version":[{"id":2161,"href":"https:\/\/paulocolmain.com\/index.php?rest_route=\/wp\/v2\/pages\/2130\/revisions\/2161"}],"up":[{"embeddable":true,"href":"https:\/\/paulocolmain.com\/index.php?rest_route=\/wp\/v2\/pages\/2115"}],"wp:attachment":[{"href":"https:\/\/paulocolmain.com\/index.php?rest_route=%2Fwp%2Fv2%2Fmedia&parent=2130"}],"curies":[{"name":"wp","href":"https:\/\/api.w.org\/{rel}","templated":true}]}}