{"id":2126,"date":"2015-04-08T12:51:47","date_gmt":"2015-04-08T12:51:47","guid":{"rendered":"https:\/\/paulocolmain.com\/?page_id=2126"},"modified":"2015-04-09T11:14:42","modified_gmt":"2015-04-09T11:14:42","slug":"la-an-dreoilin","status":"publish","type":"page","link":"https:\/\/paulocolmain.com\/?page_id=2126","title":{"rendered":"L\u00e1 an Dreoil\u00edn"},"content":{"rendered":"<p>T\u00e1 sc\u00e9il\u00edn nua \u2018gam le hinsint daoibhse,\u00a0\u00a0\u00a0\u00a0\u00a0\u00a0\u00a0\u00a0 \u00a0 \u00a0 \u00a0 \u00a0 \u00a0 \u00a0 \u00a0 \u00a0 <a href=\"https:\/\/paulocolmain.com\/?page_id=2145\" title=\"L\u00e1 an Dreoil\u00edn\">Translation<\/a><br \/>\nC\u00farsa\u00ed sp\u00f3irt agus comhr\u00e1 d\u00ed,<br \/>\nAn craic \u2018s an ceol ar L\u00e1 an Dreoil\u00edn,<br \/>\nAg tiom\u00e1int na b\u00f3ithre Chorca Dhuibhne.<\/p>\n<p><em>curf\u00e1:<\/em><br \/>\n\u00d3, a thiarcais! D\u00e1 gc\u00edfe\u00e1 an sorcas,<br \/>\nC\u00faigear \u2018s fiche ar an dtr\u00e9il\u00e9ir beag,<br \/>\nTachta, m\u00edshlachtmhar le deatach an tractor,<br \/>\nAn p\u00f3rtar \u00e1 d\u00f3irt le gach linntreog!<\/p>\n<p>\u00d3 Bhaile na hAbha \u2018s \u00f3 Bhaile na R\u00e1tha,<br \/>\nGleann Loic, Gleann M\u00f3r agus an Ceathr\u00fa,<br \/>\n\u00d3 gach c\u00fainne an phobal i meascanna \u2018s giobail,<br \/>\nChun dul ar an Dreoil\u00edn a th\u00e1na an slua.<\/p>\n<p>Ansan i dtigh Kruger, an \u201clocal boozer\u201d,<br \/>\nLe giot\u00e1ir agus fidil agus bosca\u00ed ceoil,<br \/>\nAg bualadh na bodhr\u00e1in, ag canadh na hamhr\u00e1in,<br \/>\nCuid ag damhsa, cuid eile ag \u00f3l.<\/p>\n<p>Thiom\u00e1namar \u00f3 thuaidh \u00e1 lorg deoch cruaidh<br \/>\nI ngach tigh t\u00e1bh\u00e1irne san Buailt\u00edn,<br \/>\nFionntr\u00e1, Ceanntr\u00e1, timpeall an Domhan, tr\u00e1th,<br \/>\n\u2018S thar nais ar\u00eds go D\u00fan Chaoin mh\u00edn.<\/p>\n","protected":false},"excerpt":{"rendered":"<p>T\u00e1 sc\u00e9il\u00edn nua \u2018gam le hinsint daoibhse,\u00a0\u00a0\u00a0\u00a0\u00a0\u00a0\u00a0\u00a0 \u00a0 \u00a0 \u00a0 \u00a0 \u00a0 \u00a0 \u00a0 \u00a0 Translation C\u00farsa\u00ed sp\u00f3irt agus comhr\u00e1 d\u00ed, An craic \u2018s an ceol ar L\u00e1 an Dreoil\u00edn, Ag tiom\u00e1int na b\u00f3ithre Chorca Dhuibhne. curf\u00e1: \u00d3, a thiarcais! &hellip; <a href=\"https:\/\/paulocolmain.com\/?page_id=2126\">Continue reading <span class=\"meta-nav\">&rarr;<\/span><\/a><\/p>\n","protected":false},"author":1,"featured_media":0,"parent":2115,"menu_order":3,"comment_status":"closed","ping_status":"open","template":"","meta":{"ngg_post_thumbnail":0,"spay_email":""},"jetpack_shortlink":"https:\/\/wp.me\/P36zMW-yi","jetpack_sharing_enabled":true,"_links":{"self":[{"href":"https:\/\/paulocolmain.com\/index.php?rest_route=\/wp\/v2\/pages\/2126"}],"collection":[{"href":"https:\/\/paulocolmain.com\/index.php?rest_route=\/wp\/v2\/pages"}],"about":[{"href":"https:\/\/paulocolmain.com\/index.php?rest_route=\/wp\/v2\/types\/page"}],"author":[{"embeddable":true,"href":"https:\/\/paulocolmain.com\/index.php?rest_route=\/wp\/v2\/users\/1"}],"replies":[{"embeddable":true,"href":"https:\/\/paulocolmain.com\/index.php?rest_route=%2Fwp%2Fv2%2Fcomments&post=2126"}],"version-history":[{"count":4,"href":"https:\/\/paulocolmain.com\/index.php?rest_route=\/wp\/v2\/pages\/2126\/revisions"}],"predecessor-version":[{"id":2160,"href":"https:\/\/paulocolmain.com\/index.php?rest_route=\/wp\/v2\/pages\/2126\/revisions\/2160"}],"up":[{"embeddable":true,"href":"https:\/\/paulocolmain.com\/index.php?rest_route=\/wp\/v2\/pages\/2115"}],"wp:attachment":[{"href":"https:\/\/paulocolmain.com\/index.php?rest_route=%2Fwp%2Fv2%2Fmedia&parent=2126"}],"curies":[{"name":"wp","href":"https:\/\/api.w.org\/{rel}","templated":true}]}}